{"id":123,"date":"2018-09-29T11:58:29","date_gmt":"2018-09-29T09:58:29","guid":{"rendered":"https:\/\/www.mirabel-aux-baronnies.fr\/s2\/home-elementor\/"},"modified":"2025-12-22T13:30:51","modified_gmt":"2025-12-22T12:30:51","slug":"accueil","status":"publish","type":"page","link":"https:\/\/www.mirabel-aux-baronnies.fr\/s2\/","title":{"rendered":"Accueil"},"content":{"rendered":"\t\t<div data-elementor-type=\"wp-post\" data-elementor-id=\"123\" class=\"elementor elementor-123\">\n\t\t\t\t\t\t<section class=\"elementor-section elementor-top-section elementor-element elementor-element-a2cf800 elementor-section-full_width elementor-section-height-default elementor-section-height-default\" data-id=\"a2cf800\" data-element_type=\"section\" data-e-type=\"section\">\n\t\t\t\t\t\t<div class=\"elementor-container elementor-column-gap-no\">\n\t\t\t\t\t<div class=\"aux-parallax-section elementor-column elementor-col-100 elementor-top-column elementor-element elementor-element-9bfc34b\" data-id=\"9bfc34b\" data-element_type=\"column\" data-e-type=\"column\">\n\t\t\t<div class=\"elementor-widget-wrap elementor-element-populated\">\n\t\t\t\t\t\t<div class=\"elementor-element elementor-element-6434a8d elementor-widget__width-auto elementor-widget elementor-widget-image\" data-id=\"6434a8d\" data-element_type=\"widget\" data-e-type=\"widget\" data-widget_type=\"image.default\">\n\t\t\t\t<div class=\"elementor-widget-container\">\n\t\t\t\t\t\t\t\t\t\t\t\t\t\t\t<img decoding=\"async\" src=\"https:\/\/www.mirabel-aux-baronnies.fr\/s2\/wp-content\/uploads\/elementor\/thumbs\/Sans-titre-1-q7q1dbq91do6ns6go91spzs7senz0krx1p3k60owr4.jpg\" title=\"Sans-titre-1\" alt=\"Sans-titre-1\" loading=\"lazy\" \/>\t\t\t\t\t\t\t\t\t\t\t\t\t\t\t<\/div>\n\t\t\t\t<\/div>\n\t\t\t\t\t<\/div>\n\t\t<\/div>\n\t\t\t\t\t<\/div>\n\t\t<\/section>\n\t\t\t\t<section class=\"elementor-section elementor-top-section elementor-element elementor-element-eb3b669 elementor-section-boxed elementor-section-height-default elementor-section-height-default\" data-id=\"eb3b669\" data-element_type=\"section\" data-e-type=\"section\" data-settings=\"{&quot;background_background&quot;:&quot;classic&quot;}\">\n\t\t\t\t\t\t<div class=\"elementor-container elementor-column-gap-default\">\n\t\t\t\t\t<div class=\"aux-parallax-section elementor-column elementor-col-50 elementor-top-column elementor-element elementor-element-d68a839\" data-id=\"d68a839\" data-element_type=\"column\" data-e-type=\"column\" data-settings=\"{&quot;background_background&quot;:&quot;classic&quot;}\">\n\t\t\t<div class=\"elementor-widget-wrap elementor-element-populated\">\n\t\t\t\t\t\t<div class=\"elementor-element elementor-element-61a2543 elementor-widget-divider--view-line_text elementor-widget-divider--element-align-center elementor-widget elementor-widget-divider\" data-id=\"61a2543\" data-element_type=\"widget\" data-e-type=\"widget\" data-widget_type=\"divider.default\">\n\t\t\t\t<div class=\"elementor-widget-container\">\n\t\t\t\t\t\t\t<div class=\"elementor-divider\">\n\t\t\t<span class=\"elementor-divider-separator\">\n\t\t\t\t\t\t\t<span class=\"elementor-divider__text elementor-divider__element\">\n\t\t\t\t\u00c0 la une\t\t\t\t<\/span>\n\t\t\t\t\t\t<\/span>\n\t\t<\/div>\n\t\t\t\t\t\t<\/div>\n\t\t\t\t<\/div>\n\t\t\t\t<div class=\"elementor-element elementor-element-a23333f elementor-hidden-tablet elementor-hidden-mobile elementor-widget elementor-widget-shortcode\" data-id=\"a23333f\" data-element_type=\"widget\" data-e-type=\"widget\" data-widget_type=\"shortcode.default\">\n\t\t\t\t<div class=\"elementor-widget-container\">\n\t\t\t\t\t\t\t<div class=\"elementor-shortcode\"><style type='text\/css' media='all'>#rt-tpg-container-3900808371 .rt-holder .rt-woo-info .price{color:#0367bf;}body .rt-tpg-container .rt-tpg-isotope-buttons .selected,\n\t\t\t\t\t#rt-tpg-container-3900808371 .layout12 .rt-holder:hover .rt-detail,\n\t\t\t\t\t#rt-tpg-container-3900808371 .isotope8 .rt-holder:hover .rt-detail,\n\t\t\t\t\t#rt-tpg-container-3900808371 .carousel8 .rt-holder:hover .rt-detail,\n\t\t\t\t\t#rt-tpg-container-3900808371 .layout13 .rt-holder .overlay .post-info,\n\t\t\t\t\t#rt-tpg-container-3900808371 .isotope9 .rt-holder .overlay .post-info,\n\t\t\t\t\t#rt-tpg-container-3900808371.rt-tpg-container .layout4 .rt-holder .rt-detail,\n\t\t\t\t\t.rt-modal-3900808371 .md-content,\n\t\t\t\t\t.rt-modal-3900808371 .md-content > .rt-md-content-holder .rt-md-content,\n\t\t\t\t\t.rt-popup-wrap-3900808371.rt-popup-wrap .rt-popup-navigation-wrap,\n\t\t\t\t\t#rt-tpg-container-3900808371 .carousel9 .rt-holder .overlay .post-info{background-color:#0367bf;}#rt-tpg-container-3900808371 .layout5 .rt-holder .overlay, #rt-tpg-container-3900808371 .isotope2 .rt-holder .overlay, #rt-tpg-container-3900808371 .carousel2 .rt-holder .overlay,#rt-tpg-container-3900808371 .layout15 .rt-holder h3, #rt-tpg-container-3900808371 .isotope11 .rt-holder h3, #rt-tpg-container-3900808371 .carousel11 .rt-holder h3, #rt-tpg-container-3900808371 .layout16 .rt-holder h3,\n\t\t\t\t\t#rt-tpg-container-3900808371 .isotope12 .rt-holder h3, #rt-tpg-container-3900808371 .carousel12 .rt-holder h3 {background-color:rgba(3,103,191,0.8);}#rt-tpg-container-3900808371 .read-more a{border-radius:20px;}#rt-tpg-container-3900808371 .rt-img-holder img.rt-img-responsive,#rt-tpg-container-3900808371 .rt-img-holder,\n\t\t\t\t\t#rt-tpg-container-3900808371 .rt-post-overlay .post-img,\n\t\t\t\t\t#rt-tpg-container-3900808371 .post-sm .post-img,\n\t\t\t\t\t#rt-tpg-container-3900808371 .rt-post-grid .post-img,\n\t\t\t\t\t#rt-tpg-container-3900808371 .post-img img {border-radius:px;}<\/style><div class='rt-container-fluid rt-tpg-container tpg-shortcode-main-wrapper ' id='rt-tpg-container-3900808371'   data-layout='layout2' data-grid-style='even' data-desktop-col='1'  data-tab-col='1'  data-mobile-col='1' data-sc-id='5734'><div data-title='Loading ...' class='rt-row rt-content-loader   layout2 tpg-even '><div class=\"rt-col-md-12 rt-col-sm-12 rt-col-xs-12 even-grid-item rt-grid-item\" data-id=\"7967\"><div class=\"rt-holder\"><div class=\"rt-row\"><div class='rt-col-sm-3 rt-col-xs-12 '><div class=\"rt-img-holder\"><a data-id='7967' class='' href='https:\/\/www.mirabel-aux-baronnies.fr\/s2\/2026\/04\/24\/08-05-invitation-a-la-population-ceremonie-de-la-victoire-du-8-mai-1945\/'><img fetchpriority=\"high\" decoding=\"async\" width=\"607\" height=\"857\" src=\"https:\/\/www.mirabel-aux-baronnies.fr\/s2\/wp-content\/uploads\/2026\/04\/Capture-decran-2026-04-24-141807.png\" class=\"rt-img-responsive \" alt=\"\" \/><\/a><\/div><\/div><div class='rt-col-sm-9 rt-col-xs-12 '><div class='rt-detail'><h3 class=\"entry-title\"><a data-id=\"7967\" class=\"\" href=\"https:\/\/www.mirabel-aux-baronnies.fr\/s2\/2026\/04\/24\/08-05-invitation-a-la-population-ceremonie-de-la-victoire-du-8-mai-1945\/\">08\/05 : INVITATION \u00c0 LA POPULATION &#8211; C\u00c9R\u00c9MONIE DE LA VICTOIRE DU 8 MAI 1945<\/a><\/h3><div class='post-meta-user '><span class='date-meta'><i class='far fa-calendar-alt '><\/i>24 avril 2026<\/span><\/div><div class='tpg-excerpt'>...<\/div><span class='read-more right'><a data-id='7967' class='' href='https:\/\/www.mirabel-aux-baronnies.fr\/s2\/2026\/04\/24\/08-05-invitation-a-la-population-ceremonie-de-la-victoire-du-8-mai-1945\/'>Lire l'article<\/a><\/span><\/div><\/div><\/div><\/div><\/div><div class=\"rt-col-md-12 rt-col-sm-12 rt-col-xs-12 even-grid-item rt-grid-item\" data-id=\"7963\"><div class=\"rt-holder\"><div class=\"rt-row\"><div class='rt-col-sm-3 rt-col-xs-12 '><div class=\"rt-img-holder\"><a data-id='7963' class='' href='https:\/\/www.mirabel-aux-baronnies.fr\/s2\/2026\/04\/22\/mutuelle-regionale-prochaine-permanence-le-30-06\/'><img decoding=\"async\" width=\"1121\" height=\"708\" src=\"https:\/\/www.mirabel-aux-baronnies.fr\/s2\/wp-content\/uploads\/2026\/04\/Capture-decran-2026-04-22-084434.png\" class=\"rt-img-responsive \" alt=\"\" \/><\/a><\/div><\/div><div class='rt-col-sm-9 rt-col-xs-12 '><div class='rt-detail'><h3 class=\"entry-title\"><a data-id=\"7963\" class=\"\" href=\"https:\/\/www.mirabel-aux-baronnies.fr\/s2\/2026\/04\/22\/mutuelle-regionale-prochaine-permanence-le-30-06\/\">MUTUELLE REGIONALE &#8211; PROCHAINE PERMANENCE LE 30\/06<\/a><\/h3><div class='post-meta-user '><span class='date-meta'><i class='far fa-calendar-alt '><\/i>22 avril 2026<\/span><\/div><div class='tpg-excerpt'>Chers&nbsp;administr\u00e9s, &#8212; La&nbsp;Mairie&nbsp;de&nbsp;Mirabel-aux-Baronnies&nbsp;vous&nbsp;rappelle&nbsp;son&nbsp;partenariat&nbsp;avec&nbsp;la&nbsp;R\u00e9gion&nbsp;Auvergne-Rh\u00f4ne-Alpes&nbsp;sur&nbsp;son&nbsp;dispositif&nbsp;de&nbsp;la&nbsp;mutuelle&nbsp;r\u00e9gionale&nbsp;(compl\u00e9mentaire&nbsp;sant\u00e9&nbsp;avec&nbsp;couverture&nbsp;sant\u00e9&nbsp;renforc\u00e9e&nbsp;et&nbsp;tarifs&nbsp;attractifs&nbsp;pour&nbsp;tous). &#8212; \u00c0&nbsp;ce&nbsp;titre,&nbsp;des&nbsp;permanences&nbsp;en&nbsp;mairie&nbsp;sont&nbsp;pr\u00e9vues&nbsp;afin&nbsp;que&nbsp;celles&nbsp;et&nbsp;ceux&nbsp;qui&nbsp;le&nbsp;souhaitent&nbsp;puissent&nbsp;b\u00e9n\u00e9ficier&nbsp;d&rsquo;un&nbsp;accompagnement&nbsp;personnalis\u00e9e. &#8212; Prochaine&nbsp;permanence&nbsp;le&nbsp;30\/06 &#8212; Plus&nbsp;d&rsquo;informations&nbsp;:&nbsp;https:\/\/www.auvergnerhonealpes.fr\/particuliers\/mamutuelleregion...<\/div><span class='read-more right'><a data-id='7963' class='' href='https:\/\/www.mirabel-aux-baronnies.fr\/s2\/2026\/04\/22\/mutuelle-regionale-prochaine-permanence-le-30-06\/'>Lire l'article<\/a><\/span><\/div><\/div><\/div><\/div><\/div><div class=\"rt-col-md-12 rt-col-sm-12 rt-col-xs-12 even-grid-item rt-grid-item\" data-id=\"7958\"><div class=\"rt-holder\"><div class=\"rt-row\"><div class='rt-col-sm-3 rt-col-xs-12 '><div class=\"rt-img-holder\"><a data-id='7958' class='' href='https:\/\/www.mirabel-aux-baronnies.fr\/s2\/2026\/04\/16\/30-04-pot-de-bienvenue-restaurant-mirabel\/'><img decoding=\"async\" width=\"905\" height=\"1280\" src=\"https:\/\/www.mirabel-aux-baronnies.fr\/s2\/wp-content\/uploads\/2026\/04\/IMG-20260416-WA0012.jpg\" class=\"rt-img-responsive \" alt=\"\" \/><\/a><\/div><\/div><div class='rt-col-sm-9 rt-col-xs-12 '><div class='rt-detail'><h3 class=\"entry-title\"><a data-id=\"7958\" class=\"\" href=\"https:\/\/www.mirabel-aux-baronnies.fr\/s2\/2026\/04\/16\/30-04-pot-de-bienvenue-restaurant-mirabel\/\">30\/04 &#8211; POT DE BIENVENUE RESTAURANT MIRABEL<\/a><\/h3><div class='post-meta-user '><span class='date-meta'><i class='far fa-calendar-alt '><\/i>16 avril 2026<\/span><\/div><div class='tpg-excerpt'>CHERS&nbsp;ADMINISTR\u00c9S, CHERS&nbsp;VISITEURS, &#8212; DANS&nbsp;LE&nbsp;CADRE DE&nbsp;LA&nbsp;R\u00c9OUVERTURE&nbsp;TR\u00c8S&nbsp;PROCHAINE&nbsp;DU&nbsp;RESTAURANT&nbsp;DE &nbsp;MIRABEL-AUX-BARONNIES \u00ab\u00a0LA&nbsp;POINTE&nbsp;D&rsquo;AIL\u00a0\u00bb&nbsp;\ufeff\ud83e\uddc4\ufeff\ufeff HELGA&nbsp;ET&nbsp;CHARLES LES&nbsp;NOUVEAUX&nbsp;RESTAURATEURS VOUS&nbsp;CONVIENT&nbsp;\u00c0 &nbsp;UN&nbsp;POT&nbsp;DE&nbsp;BIENVENUE&nbsp;\ufeff\ud83c\udf79\ufeff\ufeff&nbsp;: &#8212; \ufeff\ud83d\uddd3\ufe0f\ufeff\ufeff&nbsp;JEUDI&nbsp;30&nbsp;AVRIL&nbsp;2026&nbsp;&#8211;&nbsp;19h00 \ufeff\ud83d\udccd\ufeff\ufeffAU&nbsp;RESTAURANT&nbsp;\u00ab\u00a0LA&nbsp;POINTE&nbsp;D&rsquo;AIL\u00a0\u00bb \u00c0&nbsp;C\u00d4T\u00c9&nbsp;DU&nbsp;P\u00d4LE&nbsp;M\u00c9DICAL &#8212; RESERVEZ&nbsp;VOTRE&nbsp;SOIR\u00c9E&nbsp;! ILS&nbsp;VOUS&nbsp;ATTENDENT&nbsp;NOMBREUX&nbsp;POUR&nbsp;LANCER&nbsp;CETTE&nbsp;NOUVELLE&nbsp;AVENTURE&nbsp;!&nbsp;...<\/div><span class='read-more right'><a data-id='7958' class='' href='https:\/\/www.mirabel-aux-baronnies.fr\/s2\/2026\/04\/16\/30-04-pot-de-bienvenue-restaurant-mirabel\/'>Lire l'article<\/a><\/span><\/div><\/div><\/div><\/div><\/div><div class=\"rt-col-md-12 rt-col-sm-12 rt-col-xs-12 even-grid-item rt-grid-item\" data-id=\"7954\"><div class=\"rt-holder\"><div class=\"rt-row\"><div class='rt-col-sm-3 rt-col-xs-12 '><div class=\"rt-img-holder\"><a data-id='7954' class='' href='https:\/\/www.mirabel-aux-baronnies.fr\/s2\/2026\/04\/16\/01-05-marche-du-1er-mai\/'><img loading=\"lazy\" decoding=\"async\" width=\"566\" height=\"775\" src=\"https:\/\/www.mirabel-aux-baronnies.fr\/s2\/wp-content\/uploads\/2026\/04\/Capture-decran-2026-04-16-092805-1.png\" class=\"rt-img-responsive \" alt=\"\" \/><\/a><\/div><\/div><div class='rt-col-sm-9 rt-col-xs-12 '><div class='rt-detail'><h3 class=\"entry-title\"><a data-id=\"7954\" class=\"\" href=\"https:\/\/www.mirabel-aux-baronnies.fr\/s2\/2026\/04\/16\/01-05-marche-du-1er-mai\/\">01\/05 MARCHE DU 1er MAI<\/a><\/h3><div class='post-meta-user '><span class='date-meta'><i class='far fa-calendar-alt '><\/i>16 avril 2026<\/span><\/div><div class='tpg-excerpt'>...<\/div><span class='read-more right'><a data-id='7954' class='' href='https:\/\/www.mirabel-aux-baronnies.fr\/s2\/2026\/04\/16\/01-05-marche-du-1er-mai\/'>Lire l'article<\/a><\/span><\/div><\/div><\/div><\/div><\/div><div class=\"rt-col-md-12 rt-col-sm-12 rt-col-xs-12 even-grid-item rt-grid-item\" data-id=\"7894\"><div class=\"rt-holder\"><div class=\"rt-row\"><div class='rt-col-sm-3 rt-col-xs-12 '><div class=\"rt-img-holder\"><a data-id='7894' class='' href='https:\/\/www.mirabel-aux-baronnies.fr\/s2\/2026\/04\/13\/mirabel-vide-grenier-ape-10-05\/'><img loading=\"lazy\" decoding=\"async\" width=\"563\" height=\"711\" src=\"https:\/\/www.mirabel-aux-baronnies.fr\/s2\/wp-content\/uploads\/2026\/04\/Capture-decran-2026-04-21-090258.png\" class=\"rt-img-responsive \" alt=\"\" \/><\/a><\/div><\/div><div class='rt-col-sm-9 rt-col-xs-12 '><div class='rt-detail'><h3 class=\"entry-title\"><a data-id=\"7894\" class=\"\" href=\"https:\/\/www.mirabel-aux-baronnies.fr\/s2\/2026\/04\/13\/mirabel-vide-grenier-ape-10-05\/\">MIRABEL &#8211; VIDE GRENIER APE 10\/05<\/a><\/h3><div class='post-meta-user '><span class='date-meta'><i class='far fa-calendar-alt '><\/i>13 avril 2026<\/span><\/div><div class='tpg-excerpt'>...<\/div><span class='read-more right'><a data-id='7894' class='' href='https:\/\/www.mirabel-aux-baronnies.fr\/s2\/2026\/04\/13\/mirabel-vide-grenier-ape-10-05\/'>Lire l'article<\/a><\/span><\/div><\/div><\/div><\/div><\/div><div class=\"rt-col-md-12 rt-col-sm-12 rt-col-xs-12 even-grid-item rt-grid-item\" data-id=\"7874\"><div class=\"rt-holder\"><div class=\"rt-row\"><div class='rt-col-sm-3 rt-col-xs-12 '><div class=\"rt-img-holder\"><a data-id='7874' class='' href='https:\/\/www.mirabel-aux-baronnies.fr\/s2\/2026\/03\/23\/offre-demploi-a-pourvoir-admr-les-oliviers\/'><img loading=\"lazy\" decoding=\"async\" width=\"665\" height=\"948\" src=\"https:\/\/www.mirabel-aux-baronnies.fr\/s2\/wp-content\/uploads\/2026\/03\/Capture-decran-2026-03-23-101319.png\" class=\"rt-img-responsive \" alt=\"\" \/><\/a><\/div><\/div><div class='rt-col-sm-9 rt-col-xs-12 '><div class='rt-detail'><h3 class=\"entry-title\"><a data-id=\"7874\" class=\"\" href=\"https:\/\/www.mirabel-aux-baronnies.fr\/s2\/2026\/03\/23\/offre-demploi-a-pourvoir-admr-les-oliviers\/\">OFFRE D&rsquo;EMPLOI \u00c0 POURVOIR &#8211; ADMR LES OLIVIERS<\/a><\/h3><div class='post-meta-user '><span class='date-meta'><i class='far fa-calendar-alt '><\/i>23 mars 2026<\/span><\/div><div class='tpg-excerpt'>...<\/div><span class='read-more right'><a data-id='7874' class='' href='https:\/\/www.mirabel-aux-baronnies.fr\/s2\/2026\/03\/23\/offre-demploi-a-pourvoir-admr-les-oliviers\/'>Lire l'article<\/a><\/span><\/div><\/div><\/div><\/div><\/div><div class=\"rt-col-md-12 rt-col-sm-12 rt-col-xs-12 even-grid-item rt-grid-item\" data-id=\"7871\"><div class=\"rt-holder\"><div class=\"rt-row\"><div class='rt-col-sm-3 rt-col-xs-12 '><div class=\"rt-img-holder\"><a data-id='7871' class='' href='https:\/\/www.mirabel-aux-baronnies.fr\/s2\/2026\/03\/20\/mirabel-vide-grenier-26-04\/'><img loading=\"lazy\" decoding=\"async\" width=\"1587\" height=\"2245\" src=\"https:\/\/www.mirabel-aux-baronnies.fr\/s2\/wp-content\/uploads\/2026\/03\/Affiche-evenement-vide-grenier-illustratif-colore-2.jpg\" class=\"rt-img-responsive \" alt=\"\" srcset=\"https:\/\/www.mirabel-aux-baronnies.fr\/s2\/wp-content\/uploads\/2026\/03\/Affiche-evenement-vide-grenier-illustratif-colore-2.jpg 1587w, https:\/\/www.mirabel-aux-baronnies.fr\/s2\/wp-content\/uploads\/2026\/03\/Affiche-evenement-vide-grenier-illustratif-colore-2-1086x1536.jpg 1086w, https:\/\/www.mirabel-aux-baronnies.fr\/s2\/wp-content\/uploads\/2026\/03\/Affiche-evenement-vide-grenier-illustratif-colore-2-1448x2048.jpg 1448w\" \/><\/a><\/div><\/div><div class='rt-col-sm-9 rt-col-xs-12 '><div class='rt-detail'><h3 class=\"entry-title\"><a data-id=\"7871\" class=\"\" href=\"https:\/\/www.mirabel-aux-baronnies.fr\/s2\/2026\/03\/20\/mirabel-vide-grenier-26-04\/\">MIRABEL VIDE-GRENIER 26\/04<\/a><\/h3><div class='post-meta-user '><span class='date-meta'><i class='far fa-calendar-alt '><\/i>20 mars 2026<\/span><\/div><div class='tpg-excerpt'>...<\/div><span class='read-more right'><a data-id='7871' class='' href='https:\/\/www.mirabel-aux-baronnies.fr\/s2\/2026\/03\/20\/mirabel-vide-grenier-26-04\/'>Lire l'article<\/a><\/span><\/div><\/div><\/div><\/div><\/div><div class=\"rt-col-md-12 rt-col-sm-12 rt-col-xs-12 even-grid-item rt-grid-item\" data-id=\"7859\"><div class=\"rt-holder\"><div class=\"rt-row\"><div class='rt-col-sm-3 rt-col-xs-12 '><div class=\"rt-img-holder\"><a data-id='7859' class='' href='https:\/\/www.mirabel-aux-baronnies.fr\/s2\/2026\/03\/17\/ateliers-informatiques-gratuits-asoft-planning-2026\/'><img loading=\"lazy\" decoding=\"async\" width=\"1414\" height=\"2000\" src=\"https:\/\/www.mirabel-aux-baronnies.fr\/s2\/wp-content\/uploads\/2026\/03\/Planning-Mirabel-aux-Baronnies-2.png\" class=\"rt-img-responsive \" alt=\"\" srcset=\"https:\/\/www.mirabel-aux-baronnies.fr\/s2\/wp-content\/uploads\/2026\/03\/Planning-Mirabel-aux-Baronnies-2.png 1414w, https:\/\/www.mirabel-aux-baronnies.fr\/s2\/wp-content\/uploads\/2026\/03\/Planning-Mirabel-aux-Baronnies-2-1086x1536.png 1086w\" \/><\/a><\/div><\/div><div class='rt-col-sm-9 rt-col-xs-12 '><div class='rt-detail'><h3 class=\"entry-title\"><a data-id=\"7859\" class=\"\" href=\"https:\/\/www.mirabel-aux-baronnies.fr\/s2\/2026\/03\/17\/ateliers-informatiques-gratuits-asoft-planning-2026\/\">ATELIERS INFORMATIQUES GRATUITS ASOFT PLANNING 2026<\/a><\/h3><div class='post-meta-user '><span class='date-meta'><i class='far fa-calendar-alt '><\/i>17 mars 2026<\/span><\/div><div class='tpg-excerpt'>...<\/div><span class='read-more right'><a data-id='7859' class='' href='https:\/\/www.mirabel-aux-baronnies.fr\/s2\/2026\/03\/17\/ateliers-informatiques-gratuits-asoft-planning-2026\/'>Lire l'article<\/a><\/span><\/div><\/div><\/div><\/div><\/div><div class=\"rt-col-md-12 rt-col-sm-12 rt-col-xs-12 even-grid-item rt-grid-item\" data-id=\"7782\"><div class=\"rt-holder\"><div class=\"rt-row\"><div class='rt-col-sm-3 rt-col-xs-12 '><div class=\"rt-img-holder\"><a data-id='7782' class='' href='https:\/\/www.mirabel-aux-baronnies.fr\/s2\/2025\/12\/22\/mutuelle-regionale-permanence-en-mairie-de-mirabel\/'><img loading=\"lazy\" decoding=\"async\" width=\"1029\" height=\"731\" src=\"https:\/\/www.mirabel-aux-baronnies.fr\/s2\/wp-content\/uploads\/2025\/12\/Capture-decran-2025-12-22-102416.png\" class=\"rt-img-responsive \" alt=\"\" \/><\/a><\/div><\/div><div class='rt-col-sm-9 rt-col-xs-12 '><div class='rt-detail'><h3 class=\"entry-title\"><a data-id=\"7782\" class=\"\" href=\"https:\/\/www.mirabel-aux-baronnies.fr\/s2\/2025\/12\/22\/mutuelle-regionale-permanence-en-mairie-de-mirabel\/\">MUTUELLE R\u00c9GIONALE &#8211; PERMANENCES EN MAIRIE DE MIRABEL<\/a><\/h3><div class='post-meta-user '><span class='date-meta'><i class='far fa-calendar-alt '><\/i>22 d\u00e9cembre 2025<\/span><\/div><div class='tpg-excerpt'>Chers administr\u00e9s, La Mairie de Mirabel-aux-Baronnies vous rappelle son partenariat avec la R\u00e9gion Auvergne Rh\u00f4ne-Alpes sur son dispositif de la mutuelle r\u00e9gionale (compl\u00e9mentaire sant\u00e9 avec couverture sant\u00e9 renforc\u00e9e et tarifs attractifs pour tous). \u00c0 ce titre, des permanences en mairie sont pr\u00e9vues afin que celles et ceux qui le souhaitent...<\/div><span class='read-more right'><a data-id='7782' class='' href='https:\/\/www.mirabel-aux-baronnies.fr\/s2\/2025\/12\/22\/mutuelle-regionale-permanence-en-mairie-de-mirabel\/'>Lire l'article<\/a><\/span><\/div><\/div><\/div><\/div><\/div><div class=\"rt-col-md-12 rt-col-sm-12 rt-col-xs-12 even-grid-item rt-grid-item\" data-id=\"7638\"><div class=\"rt-holder\"><div class=\"rt-row\"><div class='rt-col-sm-3 rt-col-xs-12 '><div class=\"rt-img-holder\"><a data-id='7638' class='' href='https:\/\/www.mirabel-aux-baronnies.fr\/s2\/2025\/08\/22\/nouveaux-espaces-anti-tabac-a-mirabel-aux-baronnies\/'><img loading=\"lazy\" decoding=\"async\" width=\"468\" height=\"664\" src=\"https:\/\/www.mirabel-aux-baronnies.fr\/s2\/wp-content\/uploads\/2025\/08\/Capture-decran-2025-08-19-153552.png\" class=\"rt-img-responsive \" alt=\"\" \/><\/a><\/div><\/div><div class='rt-col-sm-9 rt-col-xs-12 '><div class='rt-detail'><h3 class=\"entry-title\"><a data-id=\"7638\" class=\"\" href=\"https:\/\/www.mirabel-aux-baronnies.fr\/s2\/2025\/08\/22\/nouveaux-espaces-anti-tabac-a-mirabel-aux-baronnies\/\">NOUVEAUX ESPACES ANTI-TABAC \u00c0 MIRABEL-AUX-BARONNIES<\/a><\/h3><div class='post-meta-user '><span class='date-meta'><i class='far fa-calendar-alt '><\/i>22 ao\u00fbt 2025<\/span><\/div><div class='tpg-excerpt'>Chers mirabelais et mirabelaises et amis visiteurs, Comme vous avez pu en entendre parler, la nouvelle r\u00e9glementation nationale \u00e9dict\u00e9e par le Gouvernement (d\u00e9cret 2025-582 du 27 juin 2025) portant sur les nouveaux \u00ab\u00a0espaces anti-tabac\u00a0\u00bb est d\u00e9sormais applicable sur l&rsquo;ensemble du territoire national et donc communal. En effet, un certains nombre...<\/div><span class='read-more right'><a data-id='7638' class='' href='https:\/\/www.mirabel-aux-baronnies.fr\/s2\/2025\/08\/22\/nouveaux-espaces-anti-tabac-a-mirabel-aux-baronnies\/'>Lire l'article<\/a><\/span><\/div><\/div><\/div><\/div><\/div><\/div><div class='rt-pagination-wrap' data-total-pages='2' data-posts-per-page='10' data-type='pagination'  ><div class=\"rt-pagination\" ><ul class=\"pagination-list\"><li class=\"active\"><span>1<\/span><\/li><li><a data-paged='2' href='https:\/\/www.mirabel-aux-baronnies.fr\/s2\/wp-json\/wp\/v2\/pages\/123\/page\/2\/'>2<\/a><\/li><\/ul><\/div><\/div><\/div><\/div>\n\t\t\t\t\t\t<\/div>\n\t\t\t\t<\/div>\n\t\t\t\t<div class=\"elementor-element elementor-element-ad4c74d elementor-hidden-desktop elementor-widget elementor-widget-shortcode\" data-id=\"ad4c74d\" data-element_type=\"widget\" data-e-type=\"widget\" data-widget_type=\"shortcode.default\">\n\t\t\t\t<div class=\"elementor-widget-container\">\n\t\t\t\t\t\t\t<div class=\"elementor-shortcode\"><style type='text\/css' media='all'>#rt-tpg-container-2526143918 .rt-holder .rt-woo-info .price{color:#0367bf;}body .rt-tpg-container .rt-tpg-isotope-buttons .selected,\n\t\t\t\t\t#rt-tpg-container-2526143918 .layout12 .rt-holder:hover .rt-detail,\n\t\t\t\t\t#rt-tpg-container-2526143918 .isotope8 .rt-holder:hover .rt-detail,\n\t\t\t\t\t#rt-tpg-container-2526143918 .carousel8 .rt-holder:hover .rt-detail,\n\t\t\t\t\t#rt-tpg-container-2526143918 .layout13 .rt-holder .overlay .post-info,\n\t\t\t\t\t#rt-tpg-container-2526143918 .isotope9 .rt-holder .overlay .post-info,\n\t\t\t\t\t#rt-tpg-container-2526143918.rt-tpg-container .layout4 .rt-holder .rt-detail,\n\t\t\t\t\t.rt-modal-2526143918 .md-content,\n\t\t\t\t\t.rt-modal-2526143918 .md-content > .rt-md-content-holder .rt-md-content,\n\t\t\t\t\t.rt-popup-wrap-2526143918.rt-popup-wrap .rt-popup-navigation-wrap,\n\t\t\t\t\t#rt-tpg-container-2526143918 .carousel9 .rt-holder .overlay .post-info{background-color:#0367bf;}#rt-tpg-container-2526143918 .layout5 .rt-holder .overlay, #rt-tpg-container-2526143918 .isotope2 .rt-holder .overlay, #rt-tpg-container-2526143918 .carousel2 .rt-holder .overlay,#rt-tpg-container-2526143918 .layout15 .rt-holder h3, #rt-tpg-container-2526143918 .isotope11 .rt-holder h3, #rt-tpg-container-2526143918 .carousel11 .rt-holder h3, #rt-tpg-container-2526143918 .layout16 .rt-holder h3,\n\t\t\t\t\t#rt-tpg-container-2526143918 .isotope12 .rt-holder h3, #rt-tpg-container-2526143918 .carousel12 .rt-holder h3 {background-color:rgba(3,103,191,0.8);}#rt-tpg-container-2526143918 .read-more a{border-radius:20px;}#rt-tpg-container-2526143918 .rt-img-holder img.rt-img-responsive,#rt-tpg-container-2526143918 .rt-img-holder,\n\t\t\t\t\t#rt-tpg-container-2526143918 .rt-post-overlay .post-img,\n\t\t\t\t\t#rt-tpg-container-2526143918 .post-sm .post-img,\n\t\t\t\t\t#rt-tpg-container-2526143918 .rt-post-grid .post-img,\n\t\t\t\t\t#rt-tpg-container-2526143918 .post-img img {border-radius:px;}<\/style><div class='rt-container-fluid rt-tpg-container tpg-shortcode-main-wrapper ' id='rt-tpg-container-2526143918'   data-layout='layout12' data-grid-style='even' data-desktop-col='1'  data-tab-col='1'  data-mobile-col='1' data-sc-id='5809'><div data-title='Loading ...' class='rt-row rt-content-loader   layout12 tpg-even '><div class=\"rt-col-md-12 rt-col-sm-12 rt-col-xs-12 even-grid-item rt-grid-item\" data-id=\"7967\"><div class=\"rt-holder\"><div class=\"rt-img-holder\"><a data-id='7967' class='' href='https:\/\/www.mirabel-aux-baronnies.fr\/s2\/2026\/04\/24\/08-05-invitation-a-la-population-ceremonie-de-la-victoire-du-8-mai-1945\/'><img fetchpriority=\"high\" decoding=\"async\" width=\"607\" height=\"857\" src=\"https:\/\/www.mirabel-aux-baronnies.fr\/s2\/wp-content\/uploads\/2026\/04\/Capture-decran-2026-04-24-141807.png\" class=\"rt-img-responsive \" alt=\"\" \/><\/a><\/div> <div class='rt-detail'><div class='post-meta-user '><span class='date-meta'><i class='far fa-calendar-alt '><\/i>24 avril 2026<\/span><\/div><h3 class=\"entry-title\"><a data-id=\"7967\" class=\"\" href=\"https:\/\/www.mirabel-aux-baronnies.fr\/s2\/2026\/04\/24\/08-05-invitation-a-la-population-ceremonie-de-la-victoire-du-8-mai-1945\/\">08\/05 : INVITATION \u00c0 LA POPULATION &#8211; C\u00c9R\u00c9MONIE DE LA VICTOIRE DU 8 MAI 1945<\/a><\/h3><div class='tpg-excerpt'>...<\/div><div class='post-meta right'><span class='read-more'><a data-id='7967' class='' href='https:\/\/www.mirabel-aux-baronnies.fr\/s2\/2026\/04\/24\/08-05-invitation-a-la-population-ceremonie-de-la-victoire-du-8-mai-1945\/'>Lire l'article<\/a><\/span><\/div><\/div><\/div><\/div><div class=\"rt-col-md-12 rt-col-sm-12 rt-col-xs-12 even-grid-item rt-grid-item\" data-id=\"7963\"><div class=\"rt-holder\"><div class=\"rt-img-holder\"><a data-id='7963' class='' href='https:\/\/www.mirabel-aux-baronnies.fr\/s2\/2026\/04\/22\/mutuelle-regionale-prochaine-permanence-le-30-06\/'><img decoding=\"async\" width=\"1121\" height=\"708\" src=\"https:\/\/www.mirabel-aux-baronnies.fr\/s2\/wp-content\/uploads\/2026\/04\/Capture-decran-2026-04-22-084434.png\" class=\"rt-img-responsive \" alt=\"\" \/><\/a><\/div> <div class='rt-detail'><div class='post-meta-user '><span class='date-meta'><i class='far fa-calendar-alt '><\/i>22 avril 2026<\/span><\/div><h3 class=\"entry-title\"><a data-id=\"7963\" class=\"\" href=\"https:\/\/www.mirabel-aux-baronnies.fr\/s2\/2026\/04\/22\/mutuelle-regionale-prochaine-permanence-le-30-06\/\">MUTUELLE REGIONALE &#8211; PROCHAINE PERMANENCE LE 30\/06<\/a><\/h3><div class='tpg-excerpt'>Chers&nbsp;administr\u00e9s, &#8212; La&nbsp;Mairie&nbsp;de&nbsp;Mirabel-aux-Baronnies&nbsp;vous&nbsp;rappelle&nbsp;son&nbsp;partenariat&nbsp;avec&nbsp;la&nbsp;R\u00e9gion&nbsp;Auvergne-Rh\u00f4ne-Alpes&nbsp;sur&nbsp;son&nbsp;dispositif&nbsp;de&nbsp;la&nbsp;mutuelle&nbsp;r\u00e9gionale&nbsp;(compl\u00e9mentaire&nbsp;sant\u00e9&nbsp;avec&nbsp;couverture&nbsp;sant\u00e9&nbsp;renforc\u00e9e&nbsp;et&nbsp;tarifs&nbsp;attractifs&nbsp;pour&nbsp;tous). &#8212; \u00c0&nbsp;ce&nbsp;titre,&nbsp;des&nbsp;permanences&nbsp;en&nbsp;mairie&nbsp;sont&nbsp;pr\u00e9vues&nbsp;afin&nbsp;que&nbsp;celles&nbsp;et&nbsp;ceux&nbsp;qui&nbsp;le&nbsp;souhaitent&nbsp;puissent&nbsp;b\u00e9n\u00e9ficier&nbsp;d&rsquo;un&nbsp;accompagnement&nbsp;personnalis\u00e9e. &#8212; Prochaine&nbsp;permanence&nbsp;le&nbsp;30\/06 &#8212; Plus&nbsp;d&rsquo;informations&nbsp;:&nbsp;https:\/\/www.auvergnerhonealpes.fr\/particuliers\/mamutuelleregion...<\/div><div class='post-meta right'><span class='read-more'><a data-id='7963' class='' href='https:\/\/www.mirabel-aux-baronnies.fr\/s2\/2026\/04\/22\/mutuelle-regionale-prochaine-permanence-le-30-06\/'>Lire l'article<\/a><\/span><\/div><\/div><\/div><\/div><div class=\"rt-col-md-12 rt-col-sm-12 rt-col-xs-12 even-grid-item rt-grid-item\" data-id=\"7958\"><div class=\"rt-holder\"><div class=\"rt-img-holder\"><a data-id='7958' class='' href='https:\/\/www.mirabel-aux-baronnies.fr\/s2\/2026\/04\/16\/30-04-pot-de-bienvenue-restaurant-mirabel\/'><img decoding=\"async\" width=\"905\" height=\"1280\" src=\"https:\/\/www.mirabel-aux-baronnies.fr\/s2\/wp-content\/uploads\/2026\/04\/IMG-20260416-WA0012.jpg\" class=\"rt-img-responsive \" alt=\"\" \/><\/a><\/div> <div class='rt-detail'><div class='post-meta-user '><span class='date-meta'><i class='far fa-calendar-alt '><\/i>16 avril 2026<\/span><\/div><h3 class=\"entry-title\"><a data-id=\"7958\" class=\"\" href=\"https:\/\/www.mirabel-aux-baronnies.fr\/s2\/2026\/04\/16\/30-04-pot-de-bienvenue-restaurant-mirabel\/\">30\/04 &#8211; POT DE BIENVENUE RESTAURANT MIRABEL<\/a><\/h3><div class='tpg-excerpt'>CHERS&nbsp;ADMINISTR\u00c9S, CHERS&nbsp;VISITEURS, &#8212; DANS&nbsp;LE&nbsp;CADRE DE&nbsp;LA&nbsp;R\u00c9OUVERTURE&nbsp;TR\u00c8S&nbsp;PROCHAINE&nbsp;DU&nbsp;RESTAURANT&nbsp;DE &nbsp;MIRABEL-AUX-BARONNIES \u00ab\u00a0LA&nbsp;POINTE&nbsp;D&rsquo;AIL\u00a0\u00bb&nbsp;\ufeff\ud83e\uddc4\ufeff\ufeff HELGA&nbsp;ET&nbsp;CHARLES LES&nbsp;NOUVEAUX&nbsp;RESTAURATEURS VOUS&nbsp;CONVIENT&nbsp;\u00c0 &nbsp;UN&nbsp;POT&nbsp;DE&nbsp;BIENVENUE&nbsp;\ufeff\ud83c\udf79\ufeff\ufeff&nbsp;: &#8212; \ufeff\ud83d\uddd3\ufe0f\ufeff\ufeff&nbsp;JEUDI&nbsp;30&nbsp;AVRIL&nbsp;2026&nbsp;&#8211;&nbsp;19h00 \ufeff\ud83d\udccd\ufeff\ufeffAU&nbsp;RESTAURANT&nbsp;\u00ab\u00a0LA&nbsp;POINTE&nbsp;D&rsquo;AIL\u00a0\u00bb \u00c0&nbsp;C\u00d4T\u00c9&nbsp;DU&nbsp;P\u00d4LE&nbsp;M\u00c9DICAL &#8212; RESERVEZ&nbsp;VOTRE&nbsp;SOIR\u00c9E&nbsp;! ILS&nbsp;VOUS&nbsp;ATTENDENT&nbsp;NOMBREUX&nbsp;POUR&nbsp;LANCER&nbsp;CETTE&nbsp;NOUVELLE&nbsp;AVENTURE&nbsp;!&nbsp;...<\/div><div class='post-meta right'><span class='read-more'><a data-id='7958' class='' href='https:\/\/www.mirabel-aux-baronnies.fr\/s2\/2026\/04\/16\/30-04-pot-de-bienvenue-restaurant-mirabel\/'>Lire l'article<\/a><\/span><\/div><\/div><\/div><\/div><div class=\"rt-col-md-12 rt-col-sm-12 rt-col-xs-12 even-grid-item rt-grid-item\" data-id=\"7954\"><div class=\"rt-holder\"><div class=\"rt-img-holder\"><a data-id='7954' class='' href='https:\/\/www.mirabel-aux-baronnies.fr\/s2\/2026\/04\/16\/01-05-marche-du-1er-mai\/'><img loading=\"lazy\" decoding=\"async\" width=\"566\" height=\"775\" src=\"https:\/\/www.mirabel-aux-baronnies.fr\/s2\/wp-content\/uploads\/2026\/04\/Capture-decran-2026-04-16-092805-1.png\" class=\"rt-img-responsive \" alt=\"\" \/><\/a><\/div> <div class='rt-detail'><div class='post-meta-user '><span class='date-meta'><i class='far fa-calendar-alt '><\/i>16 avril 2026<\/span><\/div><h3 class=\"entry-title\"><a data-id=\"7954\" class=\"\" href=\"https:\/\/www.mirabel-aux-baronnies.fr\/s2\/2026\/04\/16\/01-05-marche-du-1er-mai\/\">01\/05 MARCHE DU 1er MAI<\/a><\/h3><div class='tpg-excerpt'>...<\/div><div class='post-meta right'><span class='read-more'><a data-id='7954' class='' href='https:\/\/www.mirabel-aux-baronnies.fr\/s2\/2026\/04\/16\/01-05-marche-du-1er-mai\/'>Lire l'article<\/a><\/span><\/div><\/div><\/div><\/div><div class=\"rt-col-md-12 rt-col-sm-12 rt-col-xs-12 even-grid-item rt-grid-item\" data-id=\"7894\"><div class=\"rt-holder\"><div class=\"rt-img-holder\"><a data-id='7894' class='' href='https:\/\/www.mirabel-aux-baronnies.fr\/s2\/2026\/04\/13\/mirabel-vide-grenier-ape-10-05\/'><img loading=\"lazy\" decoding=\"async\" width=\"563\" height=\"711\" src=\"https:\/\/www.mirabel-aux-baronnies.fr\/s2\/wp-content\/uploads\/2026\/04\/Capture-decran-2026-04-21-090258.png\" class=\"rt-img-responsive \" alt=\"\" \/><\/a><\/div> <div class='rt-detail'><div class='post-meta-user '><span class='date-meta'><i class='far fa-calendar-alt '><\/i>13 avril 2026<\/span><\/div><h3 class=\"entry-title\"><a data-id=\"7894\" class=\"\" href=\"https:\/\/www.mirabel-aux-baronnies.fr\/s2\/2026\/04\/13\/mirabel-vide-grenier-ape-10-05\/\">MIRABEL &#8211; VIDE GRENIER APE 10\/05<\/a><\/h3><div class='tpg-excerpt'>...<\/div><div class='post-meta right'><span class='read-more'><a data-id='7894' class='' href='https:\/\/www.mirabel-aux-baronnies.fr\/s2\/2026\/04\/13\/mirabel-vide-grenier-ape-10-05\/'>Lire l'article<\/a><\/span><\/div><\/div><\/div><\/div><\/div><div class='rt-pagination-wrap' data-total-pages='3' data-posts-per-page='5' data-type='pagination'  ><div class=\"rt-pagination\" ><ul class=\"pagination-list\"><li class=\"active\"><span>1<\/span><\/li><li><a data-paged='2' href='https:\/\/www.mirabel-aux-baronnies.fr\/s2\/wp-json\/wp\/v2\/pages\/123\/page\/2\/'>2<\/a><\/li><li><a data-paged='3' href='https:\/\/www.mirabel-aux-baronnies.fr\/s2\/wp-json\/wp\/v2\/pages\/123\/page\/3\/'>3<\/a><\/li><\/ul><\/div><\/div><\/div><\/div>\n\t\t\t\t\t\t<\/div>\n\t\t\t\t<\/div>\n\t\t\t\t\t<\/div>\n\t\t<\/div>\n\t\t\t\t<div class=\"aux-parallax-section elementor-column elementor-col-50 elementor-top-column elementor-element elementor-element-791d577\" data-id=\"791d577\" data-element_type=\"column\" data-e-type=\"column\">\n\t\t\t<div class=\"elementor-widget-wrap elementor-element-populated\">\n\t\t\t\t\t\t<section class=\"elementor-section elementor-inner-section elementor-element elementor-element-23dae59 elementor-section-boxed elementor-section-height-default elementor-section-height-default\" data-id=\"23dae59\" data-element_type=\"section\" data-e-type=\"section\">\n\t\t\t\t\t\t<div class=\"elementor-container elementor-column-gap-default\">\n\t\t\t\t\t<div class=\"aux-parallax-section elementor-column elementor-col-100 elementor-inner-column elementor-element elementor-element-500aa5f\" data-id=\"500aa5f\" data-element_type=\"column\" data-e-type=\"column\">\n\t\t\t<div class=\"elementor-widget-wrap elementor-element-populated\">\n\t\t\t\t\t\t<div class=\"elementor-element elementor-element-c0866dd elementor-widget elementor-widget-aux_image\" data-id=\"c0866dd\" data-element_type=\"widget\" data-e-type=\"widget\" data-widget_type=\"aux_image.default\">\n\t\t\t\t<div class=\"elementor-widget-container\">\n\t\t\t\t\t<section class=\"widget-container aux-widget-image aux-alignnone aux-parent-au0e9e1408\">\n    <div class=\"aux-media-hint-frame \">\n        <div class=\"aux-media-image aux-hover-active aux-tilt-box\" >\n                    <a class=\"\" href=\"https:\/\/www.mirabel-aux-baronnies.fr\/s2\/festival-mirabilis\/\" data-elementor-open-lightbox=\"no\" data-original-width=\"436\" data-original-height=\"624\" data-caption=\"Capture d'\u00e9cran 2025-12-22 133011\" target=\"_self\"  >\n        \n            \n\n            \n            <img loading=\"lazy\" decoding=\"async\" width=\"436\" height=\"624\" src=\"https:\/\/www.mirabel-aux-baronnies.fr\/s2\/wp-content\/uploads\/2025\/12\/Capture-decran-2025-12-22-133011-40x57.png\" class=\"aux-attachment aux-featured-image aux-attachment-id-7772 aux-preload aux-has-preview\" alt=\"Capture d&#039;\u00e9cran 2025-12-22 133011\" data-ratio=\"0.7\" data-original-w=\"436\" data-src=\"https:\/\/www.mirabel-aux-baronnies.fr\/s2\/wp-content\/uploads\/2025\/12\/Capture-decran-2025-12-22-133011.png\" \/>            \n                    <\/a>\n                <\/div>\n    <\/div>\n\n<\/section><!-- widget-container -->\t\t\t\t<\/div>\n\t\t\t\t<\/div>\n\t\t\t\t<div class=\"elementor-element elementor-element-9f1bfc0 elementor-widget elementor-widget-aux_image\" data-id=\"9f1bfc0\" data-element_type=\"widget\" data-e-type=\"widget\" data-widget_type=\"aux_image.default\">\n\t\t\t\t<div class=\"elementor-widget-container\">\n\t\t\t\t\t<section class=\"widget-container aux-widget-image aux-alignnone aux-parent-au37fae389\">\n    <div class=\"aux-media-hint-frame \">\n        <div class=\"aux-media-image aux-hover-active\" >\n                    <a class=\"\" href=\"https:\/\/www.mirabel-aux-baronnies.fr\/s2\/rendez-vous-cartes-didentite-passeports\/\" data-elementor-open-lightbox=\"no\" data-original-width=\"800\" data-original-height=\"800\" data-caption=\"PASSEPORT CNI (4)\" target=\"_self\"  >\n        \n            \n\n            \n            <img loading=\"lazy\" decoding=\"async\" width=\"800\" height=\"800\" src=\"https:\/\/www.mirabel-aux-baronnies.fr\/s2\/wp-content\/uploads\/2023\/12\/PASSEPORT-CNI-4.png\" class=\"aux-attachment aux-featured-image aux-attachment-id-6626\" alt=\"PASSEPORT CNI (4)\" data-ratio=\"1\" data-original-w=\"800\" \/>            \n                    <\/a>\n                <\/div>\n    <\/div>\n\n<\/section><!-- widget-container -->\t\t\t\t<\/div>\n\t\t\t\t<\/div>\n\t\t\t\t\t<\/div>\n\t\t<\/div>\n\t\t\t\t\t<\/div>\n\t\t<\/section>\n\t\t\t\t<div class=\"elementor-element elementor-element-c0a6fd9 elementor-widget elementor-widget-image\" data-id=\"c0a6fd9\" data-element_type=\"widget\" data-e-type=\"widget\" data-widget_type=\"image.default\">\n\t\t\t\t<div class=\"elementor-widget-container\">\n\t\t\t\t\t\t\t\t\t\t\t\t\t\t\t\t<a href=\"https:\/\/www.mirabel-aux-baronnies.fr\/s2\/horaires-de-la-poste-a-mirabel\/\">\n\t\t\t\t\t\t\t<img loading=\"lazy\" decoding=\"async\" width=\"1005\" height=\"563\" src=\"https:\/\/www.mirabel-aux-baronnies.fr\/s2\/wp-content\/uploads\/2023\/12\/Capture-decran-2023-12-12-164108.png\" class=\"attachment-large size-large wp-image-6609\" alt=\"\" \/>\t\t\t\t\t\t\t\t<\/a>\n\t\t\t\t\t\t\t\t\t\t\t\t\t\t\t<\/div>\n\t\t\t\t<\/div>\n\t\t\t\t<section class=\"elementor-section elementor-inner-section elementor-element elementor-element-19d1cd9 elementor-section-boxed elementor-section-height-default elementor-section-height-default\" data-id=\"19d1cd9\" data-element_type=\"section\" data-e-type=\"section\">\n\t\t\t\t\t\t<div class=\"elementor-container elementor-column-gap-default\">\n\t\t\t\t\t<div class=\"aux-parallax-section elementor-column elementor-col-50 elementor-inner-column elementor-element elementor-element-dce5c50\" data-id=\"dce5c50\" data-element_type=\"column\" data-e-type=\"column\">\n\t\t\t<div class=\"elementor-widget-wrap elementor-element-populated\">\n\t\t\t\t\t\t<div class=\"elementor-element elementor-element-2a8a75d elementor-widget elementor-widget-aux_image\" data-id=\"2a8a75d\" data-element_type=\"widget\" data-e-type=\"widget\" data-widget_type=\"aux_image.default\">\n\t\t\t\t<div class=\"elementor-widget-container\">\n\t\t\t\t\t<section class=\"widget-container aux-widget-image aux-alignnone aux-parent-au4200ac8c\">\n    <div class=\"aux-media-hint-frame \">\n        <div class=\"aux-media-image aux-hover-active\" >\n                    <a class=\"\" href=\"https:\/\/www.mirabel-aux-baronnies.fr\/s2\/la-mairie\/bulletins-et-conseils-municipaux\/\" data-elementor-open-lightbox=\"no\" data-original-width=\"909\" data-original-height=\"808\" data-caption=\"conseil_municipal\" target=\"_self\"  >\n        \n            \n\n            \n            <img loading=\"lazy\" decoding=\"async\" width=\"909\" height=\"808\" src=\"https:\/\/www.mirabel-aux-baronnies.fr\/s2\/wp-content\/uploads\/2022\/03\/conseil_municipal.jpg\" class=\"aux-attachment aux-featured-image aux-attachment-id-4099\" alt=\"conseil_municipal\" data-ratio=\"1.13\" data-original-w=\"909\" \/>            \n                    <\/a>\n                <\/div>\n    <\/div>\n\n<\/section><!-- widget-container -->\t\t\t\t<\/div>\n\t\t\t\t<\/div>\n\t\t\t\t\t<\/div>\n\t\t<\/div>\n\t\t\t\t<div class=\"aux-parallax-section elementor-column elementor-col-50 elementor-inner-column elementor-element elementor-element-03cfb5e\" data-id=\"03cfb5e\" data-element_type=\"column\" data-e-type=\"column\">\n\t\t\t<div class=\"elementor-widget-wrap elementor-element-populated\">\n\t\t\t\t\t\t<div class=\"elementor-element elementor-element-0bdca64 elementor-widget elementor-widget-text-editor\" data-id=\"0bdca64\" data-element_type=\"widget\" data-e-type=\"widget\" data-widget_type=\"text-editor.default\">\n\t\t\t\t<div class=\"elementor-widget-container\">\n\t\t\t\t\t\t\t\t\t<p class=\"_04xlpA direction-ltr align-center para-style-body\" style=\"text-align: center;\"><strong><a href=\"https:\/\/www.mirabel-aux-baronnies.fr\/s2\/la-mairie\/bulletins-et-conseils-municipaux\/\"><span class=\"WdYUQQ text-decoration-none text-strikethrough-none\">Les Conseils et Bulletins Municipaux<\/span><\/a><\/strong><\/p>\t\t\t\t\t\t\t\t<\/div>\n\t\t\t\t<\/div>\n\t\t\t\t\t<\/div>\n\t\t<\/div>\n\t\t\t\t\t<\/div>\n\t\t<\/section>\n\t\t\t\t<div class=\"elementor-element elementor-element-51b493e elementor-widget elementor-widget-html\" data-id=\"51b493e\" data-element_type=\"widget\" data-e-type=\"widget\" data-widget_type=\"html.default\">\n\t\t\t\t<div class=\"elementor-widget-container\">\n\t\t\t\t\t<iframe src=https:\/\/app.panneaupocket.com\/embeded\/1417378386?mode=widget&autoNavigation=0 style=\"height:518px; width:330px; border:none\"><\/iframe>  \t\t\t\t<\/div>\n\t\t\t\t<\/div>\n\t\t\t\t<div class=\"elementor-element elementor-element-5ed4f75 elementor-widget elementor-widget-html\" data-id=\"5ed4f75\" data-element_type=\"widget\" data-e-type=\"widget\" data-widget_type=\"html.default\">\n\t\t\t\t<div class=\"elementor-widget-container\">\n\t\t\t\t\t<iframe id=\"widget_autocomplete_preview\"  width=\"150\" height=\"320\" scrolling=\"no\" frameborder=\"0\" src=\"https:\/\/meteofrance.com\/widget\/prevision\/261820\"> <\/iframe>\t\t\t\t<\/div>\n\t\t\t\t<\/div>\n\t\t\t\t\t<\/div>\n\t\t<\/div>\n\t\t\t\t\t<\/div>\n\t\t<\/section>\n\t\t\t\t<\/div>\n\t\t","protected":false},"excerpt":{"rendered":"<p>\u00c0 la une Les Conseils et Bulletins Municipaux<\/p>\n","protected":false},"author":1,"featured_media":7215,"parent":0,"menu_order":0,"comment_status":"closed","ping_status":"closed","template":"","meta":{"footnotes":""},"class_list":["post-123","page","type-page","status-publish","has-post-thumbnail","hentry"],"yoast_head":"<!-- This site is optimized with the Yoast SEO plugin v27.3 - https:\/\/yoast.com\/product\/yoast-seo-wordpress\/ -->\n<title>Mairie de Mirabel aux Baronnies<\/title>\n<meta name=\"description\" content=\"Bienvenue sur le site officiel de Mirabel-aux-Baronnies. Accueil le jeudi apr\u00e8s-midi et du lundi au samedi de 9 \u00e0 12 heures. Ferm\u00e9 le mardi.\" \/>\n<meta name=\"robots\" content=\"index, follow, max-snippet:-1, max-image-preview:large, max-video-preview:-1\" \/>\n<link rel=\"canonical\" href=\"https:\/\/www.mirabel-aux-baronnies.fr\/s2\/\" \/>\n<meta property=\"og:locale\" content=\"fr_FR\" \/>\n<meta property=\"og:type\" content=\"article\" \/>\n<meta property=\"og:title\" content=\"Mairie de Mirabel aux Baronnies\" \/>\n<meta property=\"og:description\" content=\"Bienvenue sur le site officiel de Mirabel-aux-Baronnies. Accueil le jeudi apr\u00e8s-midi et du lundi au samedi de 9 \u00e0 12 heures. Ferm\u00e9 le mardi.\" \/>\n<meta property=\"og:url\" content=\"https:\/\/www.mirabel-aux-baronnies.fr\/s2\/\" \/>\n<meta property=\"og:site_name\" content=\"Mirabel aux Baronnies\" \/>\n<meta property=\"article:publisher\" content=\"https:\/\/www.facebook.com\/mairiedemirabelauxbaronnies\/\" \/>\n<meta property=\"article:modified_time\" content=\"2025-12-22T12:30:51+00:00\" \/>\n<meta property=\"og:image\" content=\"https:\/\/www.mirabel-aux-baronnies.fr\/s2\/wp-content\/uploads\/2024\/09\/Capture-decran-2024-09-02-111707.png\" \/>\n\t<meta property=\"og:image:width\" content=\"685\" \/>\n\t<meta property=\"og:image:height\" content=\"379\" \/>\n\t<meta property=\"og:image:type\" content=\"image\/png\" \/>\n<meta name=\"twitter:card\" content=\"summary_large_image\" \/>\n<meta name=\"twitter:label1\" content=\"Dur\u00e9e de lecture estim\u00e9e\" \/>\n\t<meta name=\"twitter:data1\" content=\"14 minutes\" \/>\n<script type=\"application\/ld+json\" class=\"yoast-schema-graph\">{\"@context\":\"https:\\\/\\\/schema.org\",\"@graph\":[{\"@type\":\"WebPage\",\"@id\":\"https:\\\/\\\/www.mirabel-aux-baronnies.fr\\\/s2\\\/\",\"url\":\"https:\\\/\\\/www.mirabel-aux-baronnies.fr\\\/s2\\\/\",\"name\":\"Mairie de Mirabel aux Baronnies\",\"isPartOf\":{\"@id\":\"https:\\\/\\\/www.mirabel-aux-baronnies.fr\\\/s2\\\/#website\"},\"primaryImageOfPage\":{\"@id\":\"https:\\\/\\\/www.mirabel-aux-baronnies.fr\\\/s2\\\/#primaryimage\"},\"image\":{\"@id\":\"https:\\\/\\\/www.mirabel-aux-baronnies.fr\\\/s2\\\/#primaryimage\"},\"thumbnailUrl\":\"https:\\\/\\\/www.mirabel-aux-baronnies.fr\\\/s2\\\/wp-content\\\/uploads\\\/2024\\\/09\\\/Capture-decran-2024-09-02-111707.png\",\"datePublished\":\"2018-09-29T09:58:29+00:00\",\"dateModified\":\"2025-12-22T12:30:51+00:00\",\"description\":\"Bienvenue sur le site officiel de Mirabel-aux-Baronnies. Accueil le jeudi apr\u00e8s-midi et du lundi au samedi de 9 \u00e0 12 heures. Ferm\u00e9 le mardi.\",\"inLanguage\":\"fr-FR\",\"potentialAction\":[{\"@type\":\"ReadAction\",\"target\":[\"https:\\\/\\\/www.mirabel-aux-baronnies.fr\\\/s2\\\/\"]}]},{\"@type\":\"ImageObject\",\"inLanguage\":\"fr-FR\",\"@id\":\"https:\\\/\\\/www.mirabel-aux-baronnies.fr\\\/s2\\\/#primaryimage\",\"url\":\"https:\\\/\\\/www.mirabel-aux-baronnies.fr\\\/s2\\\/wp-content\\\/uploads\\\/2024\\\/09\\\/Capture-decran-2024-09-02-111707.png\",\"contentUrl\":\"https:\\\/\\\/www.mirabel-aux-baronnies.fr\\\/s2\\\/wp-content\\\/uploads\\\/2024\\\/09\\\/Capture-decran-2024-09-02-111707.png\",\"width\":685,\"height\":379},{\"@type\":\"WebSite\",\"@id\":\"https:\\\/\\\/www.mirabel-aux-baronnies.fr\\\/s2\\\/#website\",\"url\":\"https:\\\/\\\/www.mirabel-aux-baronnies.fr\\\/s2\\\/\",\"name\":\"Mirabel aux Baronnies\",\"description\":\"Site officiel de la mairie de Mirabel-aux-Baronnies\",\"publisher\":{\"@id\":\"https:\\\/\\\/www.mirabel-aux-baronnies.fr\\\/s2\\\/#organization\"},\"alternateName\":\"Mirabel-aux-Baronnies\",\"potentialAction\":[{\"@type\":\"SearchAction\",\"target\":{\"@type\":\"EntryPoint\",\"urlTemplate\":\"https:\\\/\\\/www.mirabel-aux-baronnies.fr\\\/s2\\\/?s={search_term_string}\"},\"query-input\":{\"@type\":\"PropertyValueSpecification\",\"valueRequired\":true,\"valueName\":\"search_term_string\"}}],\"inLanguage\":\"fr-FR\"},{\"@type\":\"Organization\",\"@id\":\"https:\\\/\\\/www.mirabel-aux-baronnies.fr\\\/s2\\\/#organization\",\"name\":\"Mirabel aux Baronnies\",\"alternateName\":\"Mirabel-aux-Baronnies\",\"url\":\"https:\\\/\\\/www.mirabel-aux-baronnies.fr\\\/s2\\\/\",\"logo\":{\"@type\":\"ImageObject\",\"inLanguage\":\"fr-FR\",\"@id\":\"https:\\\/\\\/www.mirabel-aux-baronnies.fr\\\/s2\\\/#\\\/schema\\\/logo\\\/image\\\/\",\"url\":\"https:\\\/\\\/www.mirabel-aux-baronnies.fr\\\/s2\\\/wp-content\\\/uploads\\\/2024\\\/01\\\/mirabel11.jpg\",\"contentUrl\":\"https:\\\/\\\/www.mirabel-aux-baronnies.fr\\\/s2\\\/wp-content\\\/uploads\\\/2024\\\/01\\\/mirabel11.jpg\",\"width\":610,\"height\":374,\"caption\":\"Mirabel aux Baronnies\"},\"image\":{\"@id\":\"https:\\\/\\\/www.mirabel-aux-baronnies.fr\\\/s2\\\/#\\\/schema\\\/logo\\\/image\\\/\"},\"sameAs\":[\"https:\\\/\\\/www.facebook.com\\\/mairiedemirabelauxbaronnies\\\/\"]}]}<\/script>\n<!-- \/ Yoast SEO plugin. -->","yoast_head_json":{"title":"Mairie de Mirabel aux Baronnies","description":"Bienvenue sur le site officiel de Mirabel-aux-Baronnies. Accueil le jeudi apr\u00e8s-midi et du lundi au samedi de 9 \u00e0 12 heures. Ferm\u00e9 le mardi.","robots":{"index":"index","follow":"follow","max-snippet":"max-snippet:-1","max-image-preview":"max-image-preview:large","max-video-preview":"max-video-preview:-1"},"canonical":"https:\/\/www.mirabel-aux-baronnies.fr\/s2\/","og_locale":"fr_FR","og_type":"article","og_title":"Mairie de Mirabel aux Baronnies","og_description":"Bienvenue sur le site officiel de Mirabel-aux-Baronnies. Accueil le jeudi apr\u00e8s-midi et du lundi au samedi de 9 \u00e0 12 heures. Ferm\u00e9 le mardi.","og_url":"https:\/\/www.mirabel-aux-baronnies.fr\/s2\/","og_site_name":"Mirabel aux Baronnies","article_publisher":"https:\/\/www.facebook.com\/mairiedemirabelauxbaronnies\/","article_modified_time":"2025-12-22T12:30:51+00:00","og_image":[{"width":685,"height":379,"url":"https:\/\/www.mirabel-aux-baronnies.fr\/s2\/wp-content\/uploads\/2024\/09\/Capture-decran-2024-09-02-111707.png","type":"image\/png"}],"twitter_card":"summary_large_image","twitter_misc":{"Dur\u00e9e de lecture estim\u00e9e":"14 minutes"},"schema":{"@context":"https:\/\/schema.org","@graph":[{"@type":"WebPage","@id":"https:\/\/www.mirabel-aux-baronnies.fr\/s2\/","url":"https:\/\/www.mirabel-aux-baronnies.fr\/s2\/","name":"Mairie de Mirabel aux Baronnies","isPartOf":{"@id":"https:\/\/www.mirabel-aux-baronnies.fr\/s2\/#website"},"primaryImageOfPage":{"@id":"https:\/\/www.mirabel-aux-baronnies.fr\/s2\/#primaryimage"},"image":{"@id":"https:\/\/www.mirabel-aux-baronnies.fr\/s2\/#primaryimage"},"thumbnailUrl":"https:\/\/www.mirabel-aux-baronnies.fr\/s2\/wp-content\/uploads\/2024\/09\/Capture-decran-2024-09-02-111707.png","datePublished":"2018-09-29T09:58:29+00:00","dateModified":"2025-12-22T12:30:51+00:00","description":"Bienvenue sur le site officiel de Mirabel-aux-Baronnies. Accueil le jeudi apr\u00e8s-midi et du lundi au samedi de 9 \u00e0 12 heures. Ferm\u00e9 le mardi.","inLanguage":"fr-FR","potentialAction":[{"@type":"ReadAction","target":["https:\/\/www.mirabel-aux-baronnies.fr\/s2\/"]}]},{"@type":"ImageObject","inLanguage":"fr-FR","@id":"https:\/\/www.mirabel-aux-baronnies.fr\/s2\/#primaryimage","url":"https:\/\/www.mirabel-aux-baronnies.fr\/s2\/wp-content\/uploads\/2024\/09\/Capture-decran-2024-09-02-111707.png","contentUrl":"https:\/\/www.mirabel-aux-baronnies.fr\/s2\/wp-content\/uploads\/2024\/09\/Capture-decran-2024-09-02-111707.png","width":685,"height":379},{"@type":"WebSite","@id":"https:\/\/www.mirabel-aux-baronnies.fr\/s2\/#website","url":"https:\/\/www.mirabel-aux-baronnies.fr\/s2\/","name":"Mirabel aux Baronnies","description":"Site officiel de la mairie de Mirabel-aux-Baronnies","publisher":{"@id":"https:\/\/www.mirabel-aux-baronnies.fr\/s2\/#organization"},"alternateName":"Mirabel-aux-Baronnies","potentialAction":[{"@type":"SearchAction","target":{"@type":"EntryPoint","urlTemplate":"https:\/\/www.mirabel-aux-baronnies.fr\/s2\/?s={search_term_string}"},"query-input":{"@type":"PropertyValueSpecification","valueRequired":true,"valueName":"search_term_string"}}],"inLanguage":"fr-FR"},{"@type":"Organization","@id":"https:\/\/www.mirabel-aux-baronnies.fr\/s2\/#organization","name":"Mirabel aux Baronnies","alternateName":"Mirabel-aux-Baronnies","url":"https:\/\/www.mirabel-aux-baronnies.fr\/s2\/","logo":{"@type":"ImageObject","inLanguage":"fr-FR","@id":"https:\/\/www.mirabel-aux-baronnies.fr\/s2\/#\/schema\/logo\/image\/","url":"https:\/\/www.mirabel-aux-baronnies.fr\/s2\/wp-content\/uploads\/2024\/01\/mirabel11.jpg","contentUrl":"https:\/\/www.mirabel-aux-baronnies.fr\/s2\/wp-content\/uploads\/2024\/01\/mirabel11.jpg","width":610,"height":374,"caption":"Mirabel aux Baronnies"},"image":{"@id":"https:\/\/www.mirabel-aux-baronnies.fr\/s2\/#\/schema\/logo\/image\/"},"sameAs":["https:\/\/www.facebook.com\/mairiedemirabelauxbaronnies\/"]}]}},"publishpress_future_action":{"enabled":false,"date":"2026-05-07 22:01:16","action":"change-status","newStatus":"draft","terms":[],"taxonomy":"","extraData":[]},"publishpress_future_workflow_manual_trigger":{"enabledWorkflows":[]},"rttpg_featured_image_url":{"full":["https:\/\/www.mirabel-aux-baronnies.fr\/s2\/wp-content\/uploads\/2024\/09\/Capture-decran-2024-09-02-111707.png",685,379,false],"landscape":["https:\/\/www.mirabel-aux-baronnies.fr\/s2\/wp-content\/uploads\/2024\/09\/Capture-decran-2024-09-02-111707.png",685,379,false],"portraits":["https:\/\/www.mirabel-aux-baronnies.fr\/s2\/wp-content\/uploads\/2024\/09\/Capture-decran-2024-09-02-111707.png",685,379,false],"thumbnail":["https:\/\/www.mirabel-aux-baronnies.fr\/s2\/wp-content\/uploads\/2024\/09\/Capture-decran-2024-09-02-111707-150x150.png",150,150,true],"medium":["https:\/\/www.mirabel-aux-baronnies.fr\/s2\/wp-content\/uploads\/2024\/09\/Capture-decran-2024-09-02-111707-300x300.png",300,300,true],"large":["https:\/\/www.mirabel-aux-baronnies.fr\/s2\/wp-content\/uploads\/2024\/09\/Capture-decran-2024-09-02-111707.png",685,379,false],"1536x1536":["https:\/\/www.mirabel-aux-baronnies.fr\/s2\/wp-content\/uploads\/2024\/09\/Capture-decran-2024-09-02-111707.png",685,379,false],"2048x2048":["https:\/\/www.mirabel-aux-baronnies.fr\/s2\/wp-content\/uploads\/2024\/09\/Capture-decran-2024-09-02-111707.png",685,379,false],"post-thumbnail":["https:\/\/www.mirabel-aux-baronnies.fr\/s2\/wp-content\/uploads\/2024\/09\/Capture-decran-2024-09-02-111707-280x180.png",280,180,true],"psacp-medium":["https:\/\/www.mirabel-aux-baronnies.fr\/s2\/wp-content\/uploads\/2024\/09\/Capture-decran-2024-09-02-111707.png",500,277,false]},"rttpg_author":{"display_name":"Marcio","author_link":"https:\/\/www.mirabel-aux-baronnies.fr\/s2\/author\/nl_marcio\/"},"rttpg_comment":0,"rttpg_category":"","rttpg_excerpt":"\u00c0 la une Les Conseils et Bulletins Municipaux","_links":{"self":[{"href":"https:\/\/www.mirabel-aux-baronnies.fr\/s2\/wp-json\/wp\/v2\/pages\/123","targetHints":{"allow":["GET"]}}],"collection":[{"href":"https:\/\/www.mirabel-aux-baronnies.fr\/s2\/wp-json\/wp\/v2\/pages"}],"about":[{"href":"https:\/\/www.mirabel-aux-baronnies.fr\/s2\/wp-json\/wp\/v2\/types\/page"}],"author":[{"embeddable":true,"href":"https:\/\/www.mirabel-aux-baronnies.fr\/s2\/wp-json\/wp\/v2\/users\/1"}],"replies":[{"embeddable":true,"href":"https:\/\/www.mirabel-aux-baronnies.fr\/s2\/wp-json\/wp\/v2\/comments?post=123"}],"version-history":[{"count":464,"href":"https:\/\/www.mirabel-aux-baronnies.fr\/s2\/wp-json\/wp\/v2\/pages\/123\/revisions"}],"predecessor-version":[{"id":7775,"href":"https:\/\/www.mirabel-aux-baronnies.fr\/s2\/wp-json\/wp\/v2\/pages\/123\/revisions\/7775"}],"wp:featuredmedia":[{"embeddable":true,"href":"https:\/\/www.mirabel-aux-baronnies.fr\/s2\/wp-json\/wp\/v2\/media\/7215"}],"wp:attachment":[{"href":"https:\/\/www.mirabel-aux-baronnies.fr\/s2\/wp-json\/wp\/v2\/media?parent=123"}],"curies":[{"name":"wp","href":"https:\/\/api.w.org\/{rel}","templated":true}]}}